{"id":7635,"date":"2019-05-10T07:46:42","date_gmt":"2019-05-10T05:46:42","guid":{"rendered":"https:\/\/dpoassociates.eu\/gdpr-juridique\/"},"modified":"2025-03-04T16:46:46","modified_gmt":"2025-03-04T15:46:46","slug":"gdpr-juridique","status":"publish","type":"page","link":"https:\/\/dpoassociates.eu\/fr\/gdpr-juridique\/","title":{"rendered":"RGPD juridique"},"content":{"rendered":"\t\t<div data-elementor-type=\"wp-page\" data-elementor-id=\"7635\" class=\"elementor elementor-7635 elementor-4937\" data-elementor-post-type=\"page\">\n\t\t\t\t\t\t<section class=\"elementor-section elementor-top-section elementor-element elementor-element-b4eb173 elementor-section-boxed elementor-section-height-default elementor-section-height-default\" data-id=\"b4eb173\" data-element_type=\"section\" data-e-type=\"section\">\n\t\t\t\t\t\t<div class=\"elementor-container elementor-column-gap-default\">\n\t\t\t\t\t<div class=\"elementor-column elementor-col-100 elementor-top-column elementor-element elementor-element-60c782ff\" data-id=\"60c782ff\" data-element_type=\"column\" data-e-type=\"column\">\n\t\t\t<div class=\"elementor-widget-wrap elementor-element-populated\">\n\t\t\t\t\t\t<div class=\"elementor-element elementor-element-29d78714 elementor-widget elementor-widget-text-editor\" data-id=\"29d78714\" data-element_type=\"widget\" data-e-type=\"widget\" data-widget_type=\"text-editor.default\">\n\t\t\t\t<div class=\"elementor-widget-container\">\n\t\t\t\t\t\t\t\t\t<h1>Le GDPR et le contexte juridique.<\/h1>\n<div>\n<h2 class=\"section__title\" style=\"font-size: 28px;\">Objet et objectifs du GDPR<\/h2>\n<\/div>\n<ol>\n<li>Ce r\u00e8glement fixe les r\u00e8gles relatives \u00e0 la protection des personnes physiques \u00e0 l&rsquo;\u00e9gard du traitement des donn\u00e9es \u00e0 caract\u00e8re personnel et \u00e0 la libre circulation des donn\u00e9es \u00e0 caract\u00e8re personnel.<\/li>\n<li>Ce r\u00e8glement prot\u00e8ge les libert\u00e9s et droits fondamentaux des personnes physiques et notamment leur droit \u00e0 la protection des donn\u00e9es \u00e0 caract\u00e8re personnel.<\/li>\n<li>La libre circulation des donn\u00e9es \u00e0 caract\u00e8re personnel dans l&rsquo;Union n&rsquo;est ni restreinte ni interdite pour des motifs li\u00e9s \u00e0 la protection des personnes physiques \u00e0 l&rsquo;\u00e9gard du traitement des donn\u00e9es \u00e0 caract\u00e8re personnel.<\/li>\n<\/ol>\n<h1 class=\"section__title\" style=\"font-size: 28px;\">Champ d&rsquo;application mat\u00e9riel du GDPR<\/h1>\n<ol>\n<li>Le pr\u00e9sent r\u00e8glement s&rsquo;applique au traitement de donn\u00e9es \u00e0 caract\u00e8re personnel, automatis\u00e9 en tout ou en partie, ainsi qu&rsquo;au traitement de donn\u00e9es \u00e0 caract\u00e8re personnel contenues ou appel\u00e9es \u00e0 figurer dans un fichier.<\/li>\n<li>Ce r\u00e8glement ne s&rsquo;applique pas au traitement des donn\u00e9es personnelles :<br \/>(a) dans le cadre d&rsquo;activit\u00e9s ne relevant pas du champ d&rsquo;application du droit de l&rsquo;Union ;<br \/>(b) par les \u00c9tats membres lorsqu&rsquo;ils exercent des activit\u00e9s relevant du champ d&rsquo;application de l&rsquo;UE ;<br \/>(c) par une personne physique dans l&rsquo;exercice d&rsquo;une activit\u00e9 purement personnelle ou domestique ;<br \/>(d) par les autorit\u00e9s comp\u00e9tentes pour la pr\u00e9vention, la recherche, la d\u00e9tection et la poursuite d&rsquo;infractions p\u00e9nales ou l&rsquo;ex\u00e9cution de sanctions p\u00e9nales, y compris la protection contre les menaces pour la s\u00e9curit\u00e9 publique et la pr\u00e9vention de telles menaces<\/li>\n<li>Le traitement des donn\u00e9es \u00e0 caract\u00e8re personnel par les institutions, organes et organismes de l&rsquo;Union est r\u00e9gi par le r\u00e8glement (CE) n\u00b0 45\/2001. R\u00e8glement (CE) no. 45\/2001 et d&rsquo;autres actes juridiques de l&rsquo;Union applicables \u00e0 ce traitement de donn\u00e9es \u00e0 caract\u00e8re personnel sont adapt\u00e9s aux principes et r\u00e8gles du pr\u00e9sent r\u00e8glement conform\u00e9ment \u00e0 l&rsquo;article 98.<\/li>\n<li>Le pr\u00e9sent r\u00e8glement est sans pr\u00e9judice de l&rsquo;application de la directive 2000\/31\/CE et, en particulier, des r\u00e8gles des articles 12 \u00e0 15 de cette directive concernant la responsabilit\u00e9 des prestataires de services interm\u00e9diaires.<\/li>\n<\/ol>\n<div class=\"wpb_wrapper\" style=\"background: rgba(255, 255, 255, 0.8);\"> <\/div>\n<div style=\"background: rgba(255, 255, 255, 0.8);\">\n<div id=\"cms-heading-2\" class=\"cms-heading align-left align-left-md align-left-sm align-left-xs \">\n<div id=\"cms-heading-2\" class=\"cms-heading align-left align-left-md align-left-sm align-left-xs \">\n<h3 class=\"cms-heading-tag \">Champ d&rsquo;application territorial de la l\u00e9gislation GDPR<\/h3>\n<\/div>\n<div class=\"wpb_text_column wpb_content_element \">\n<div class=\"wpb_wrapper\">\n<ol>\n<li>Le pr\u00e9sent r\u00e8glement s&rsquo;applique au traitement des donn\u00e9es \u00e0 caract\u00e8re personnel dans le cadre des activit\u00e9s d&rsquo;un \u00e9tablissement d&rsquo;un responsable du traitement ou d&rsquo;un sous-traitant dans l&rsquo;Union, que le traitement ait lieu ou non dans l&rsquo;Union.\n<p>Ainsi, d\u00e8s qu&rsquo;une organisation a une succursale dans l&rsquo;Union, la LVA s&rsquo;applique. Que la transformation ait lieu ou non dans l&rsquo;Union !<\/p>\n<p>Exemple : Microsoft, Facebook ont une filiale europ\u00e9enne, le paragraphe 1 est donc applicable. Twitter et Google n&rsquo;ont pas cette possibilit\u00e9, d&rsquo;o\u00f9 la pr\u00e9sence d&rsquo;un membre ?<\/p>\n<\/li>\n<li>Le pr\u00e9sent r\u00e8glement s&rsquo;applique au traitement des donn\u00e9es \u00e0 caract\u00e8re personnel des personnes concern\u00e9es situ\u00e9es dans l&rsquo;Union par un responsable du traitement ou un sous-traitant qui n&rsquo;est pas \u00e9tabli dans l&rsquo;Union, lorsque le traitement est li\u00e9 :\n<p><span style=\"background-color: #ffffff;\">(a) offrir des biens ou des services \u00e0 ces personnes concern\u00e9es dans l&rsquo;Union, ind\u00e9pendamment du fait qu&rsquo;un paiement par les personnes concern\u00e9es soit exig\u00e9 ou non ; ou<br \/><\/span><span style=\"background-color: #ffffff;\">(b) surveiller leur comportement, dans la mesure o\u00f9 ce comportement a lieu dans l&rsquo;Union.<\/span><\/p>\n<p><strong><span style=\"background-color: #ffffff;\">Toutefois, ils doivent d\u00e9signer un repr\u00e9sentant au sein de l&rsquo;Union. <\/span><span style=\"text-decoration: underline;\">(article 27)<\/span><\/strong><\/p>\n<\/li>\n<li><span style=\"background-color: #ffffff;\"><span style=\"background-color: #ffffff;\">Le pr\u00e9sent r\u00e8glement s&rsquo;applique au traitement de donn\u00e9es \u00e0 caract\u00e8re personnel par un responsable du traitement qui n&rsquo;est pas \u00e9tabli dans l&rsquo;Union, mais dans un lieu o\u00f9, en vertu du droit international public, le droit de l&rsquo;\u00c9tat membre s&rsquo;applique.<\/span><\/span>\n<p><strong><span style=\"background-color: #ffffff;\">Exemple : traitement par les consulats et autres \u00e9tablissements diplomatiques des \u00c9tats membres de l&rsquo;Union, en dehors de l&rsquo;Union<\/span><\/strong><\/p>\n<\/li>\n<\/ol>\n<\/div>\n<\/div>\n<\/div>\n<\/div>\n<section id=\"service\" class=\"service\">\n<div class=\"container\"> <\/div>\n<\/section>\n\t\t\t\t\t\t\t\t<\/div>\n\t\t\t\t<\/div>\n\t\t\t\t<div class=\"elementor-element elementor-element-4722ee7 elementor-align-left elementor-mobile-align-left elementor-widget elementor-widget-button\" data-id=\"4722ee7\" data-element_type=\"widget\" data-e-type=\"widget\" data-widget_type=\"button.default\">\n\t\t\t\t<div class=\"elementor-widget-container\">\n\t\t\t\t\t\t\t\t\t<div class=\"elementor-button-wrapper\">\n\t\t\t\t\t<a class=\"elementor-button elementor-button-link elementor-size-md\" href=\"https:\/\/dpoassociates.eu\/gdpr-in-orde\/\">\n\t\t\t\t\t\t<span class=\"elementor-button-content-wrapper\">\n\t\t\t\t\t\t\t\t\t<span class=\"elementor-button-text\">Gdpr en ligne<\/span>\n\t\t\t\t\t<\/span>\n\t\t\t\t\t<\/a>\n\t\t\t\t<\/div>\n\t\t\t\t\t\t\t\t<\/div>\n\t\t\t\t<\/div>\n\t\t\t\t\t<\/div>\n\t\t<\/div>\n\t\t\t\t\t<\/div>\n\t\t<\/section>\n\t\t\t\t<\/div>\n\t\t","protected":false},"excerpt":{"rendered":"<p>Le GDPR et le contexte juridique. Objet et objectifs du GDPR Ce r\u00e8glement fixe les r\u00e8gles relatives \u00e0 la protection des personnes [&hellip;]<\/p>\n","protected":false},"author":1,"featured_media":0,"parent":0,"menu_order":0,"comment_status":"closed","ping_status":"closed","template":"","meta":{"_eb_attr":"","footnotes":""},"class_list":["post-7635","page","type-page","status-publish","hentry"],"yoast_head":"<!-- This site is optimized with the Yoast SEO Premium plugin v25.8 (Yoast SEO v27.2) - https:\/\/yoast.com\/product\/yoast-seo-premium-wordpress\/ -->\n<title>Aspects juridiques du RGPD : protection des donn\u00e9es personnelles<\/title>\n<meta name=\"description\" content=\"Que signifie le RGPD pour votre organisation ? D\u00e9couvrez les implications juridiques et assurez la conformit\u00e9.\" \/>\n<meta name=\"robots\" content=\"index, follow, max-snippet:-1, max-image-preview:large, max-video-preview:-1\" \/>\n<link rel=\"canonical\" href=\"https:\/\/dpoassociates.eu\/fr\/gdpr-juridique\/\" \/>\n<meta property=\"og:locale\" content=\"fr_FR\" \/>\n<meta property=\"og:type\" content=\"article\" \/>\n<meta property=\"og:title\" content=\"RGPD juridique\" \/>\n<meta property=\"og:description\" content=\"Que signifie le RGPD pour votre organisation ? D\u00e9couvrez les implications juridiques et assurez la conformit\u00e9.\" \/>\n<meta property=\"og:url\" content=\"https:\/\/dpoassociates.eu\/fr\/gdpr-juridique\/\" \/>\n<meta property=\"og:site_name\" content=\"DPO Associates\" \/>\n<meta property=\"article:publisher\" content=\"https:\/\/www.facebook.com\/profile.php?id=100083400514207\" \/>\n<meta property=\"article:modified_time\" content=\"2025-03-04T15:46:46+00:00\" \/>\n<meta name=\"twitter:card\" content=\"summary_large_image\" \/>\n<meta name=\"twitter:label1\" content=\"Dur\u00e9e de lecture estim\u00e9e\" \/>\n\t<meta name=\"twitter:data1\" content=\"3 minutes\" \/>\n<script type=\"application\/ld+json\" class=\"yoast-schema-graph\">{\"@context\":\"https:\/\/schema.org\",\"@graph\":[{\"@type\":\"WebPage\",\"@id\":\"https:\/\/dpoassociates.eu\/fr\/gdpr-juridique\/\",\"url\":\"https:\/\/dpoassociates.eu\/fr\/gdpr-juridique\/\",\"name\":\"Aspects juridiques du RGPD : protection des donn\u00e9es personnelles\",\"isPartOf\":{\"@id\":\"https:\/\/dpoassociates.eu\/fr\/#website\"},\"datePublished\":\"2019-05-10T05:46:42+00:00\",\"dateModified\":\"2025-03-04T15:46:46+00:00\",\"description\":\"Que signifie le RGPD pour votre organisation ? D\u00e9couvrez les implications juridiques et assurez la conformit\u00e9.\",\"breadcrumb\":{\"@id\":\"https:\/\/dpoassociates.eu\/fr\/gdpr-juridique\/#breadcrumb\"},\"inLanguage\":\"fr-FR\",\"potentialAction\":[{\"@type\":\"ReadAction\",\"target\":[\"https:\/\/dpoassociates.eu\/fr\/gdpr-juridique\/\"]}]},{\"@type\":\"BreadcrumbList\",\"@id\":\"https:\/\/dpoassociates.eu\/fr\/gdpr-juridique\/#breadcrumb\",\"itemListElement\":[{\"@type\":\"ListItem\",\"position\":1,\"name\":\"Home\",\"item\":\"https:\/\/dpoassociates.eu\/fr\/\"},{\"@type\":\"ListItem\",\"position\":2,\"name\":\"RGPD juridique\"}]},{\"@type\":\"WebSite\",\"@id\":\"https:\/\/dpoassociates.eu\/fr\/#website\",\"url\":\"https:\/\/dpoassociates.eu\/fr\/\",\"name\":\"DPO Associates\",\"description\":\"Protect, Detect, Respond\",\"publisher\":{\"@id\":\"https:\/\/dpoassociates.eu\/fr\/#organization\"},\"potentialAction\":[{\"@type\":\"SearchAction\",\"target\":{\"@type\":\"EntryPoint\",\"urlTemplate\":\"https:\/\/dpoassociates.eu\/fr\/?s={search_term_string}\"},\"query-input\":{\"@type\":\"PropertyValueSpecification\",\"valueRequired\":true,\"valueName\":\"search_term_string\"}}],\"inLanguage\":\"fr-FR\"},{\"@type\":\"Organization\",\"@id\":\"https:\/\/dpoassociates.eu\/fr\/#organization\",\"name\":\"DPO Associates\",\"url\":\"https:\/\/dpoassociates.eu\/fr\/\",\"logo\":{\"@type\":\"ImageObject\",\"inLanguage\":\"fr-FR\",\"@id\":\"https:\/\/dpoassociates.eu\/fr\/#\/schema\/logo\/image\/\",\"url\":\"https:\/\/dpoassociates.eu\/wp-content\/uploads\/2022\/09\/thumbnail_Logo-DPO-Associates-negatief-zwart-negatief-002.png\",\"contentUrl\":\"https:\/\/dpoassociates.eu\/wp-content\/uploads\/2022\/09\/thumbnail_Logo-DPO-Associates-negatief-zwart-negatief-002.png\",\"width\":651,\"height\":651,\"caption\":\"DPO Associates\"},\"image\":{\"@id\":\"https:\/\/dpoassociates.eu\/fr\/#\/schema\/logo\/image\/\"},\"sameAs\":[\"https:\/\/www.facebook.com\/profile.php?id=100083400514207\",\"https:\/\/www.linkedin.com\/company\/dpo-associates-da\/\"]}]}<\/script>\n<!-- \/ Yoast SEO Premium plugin. -->","yoast_head_json":{"title":"Aspects juridiques du RGPD : protection des donn\u00e9es personnelles","description":"Que signifie le RGPD pour votre organisation ? D\u00e9couvrez les implications juridiques et assurez la conformit\u00e9.","robots":{"index":"index","follow":"follow","max-snippet":"max-snippet:-1","max-image-preview":"max-image-preview:large","max-video-preview":"max-video-preview:-1"},"canonical":"https:\/\/dpoassociates.eu\/fr\/gdpr-juridique\/","og_locale":"fr_FR","og_type":"article","og_title":"RGPD juridique","og_description":"Que signifie le RGPD pour votre organisation ? D\u00e9couvrez les implications juridiques et assurez la conformit\u00e9.","og_url":"https:\/\/dpoassociates.eu\/fr\/gdpr-juridique\/","og_site_name":"DPO Associates","article_publisher":"https:\/\/www.facebook.com\/profile.php?id=100083400514207","article_modified_time":"2025-03-04T15:46:46+00:00","twitter_card":"summary_large_image","twitter_misc":{"Dur\u00e9e de lecture estim\u00e9e":"3 minutes"},"schema":{"@context":"https:\/\/schema.org","@graph":[{"@type":"WebPage","@id":"https:\/\/dpoassociates.eu\/fr\/gdpr-juridique\/","url":"https:\/\/dpoassociates.eu\/fr\/gdpr-juridique\/","name":"Aspects juridiques du RGPD : protection des donn\u00e9es personnelles","isPartOf":{"@id":"https:\/\/dpoassociates.eu\/fr\/#website"},"datePublished":"2019-05-10T05:46:42+00:00","dateModified":"2025-03-04T15:46:46+00:00","description":"Que signifie le RGPD pour votre organisation ? D\u00e9couvrez les implications juridiques et assurez la conformit\u00e9.","breadcrumb":{"@id":"https:\/\/dpoassociates.eu\/fr\/gdpr-juridique\/#breadcrumb"},"inLanguage":"fr-FR","potentialAction":[{"@type":"ReadAction","target":["https:\/\/dpoassociates.eu\/fr\/gdpr-juridique\/"]}]},{"@type":"BreadcrumbList","@id":"https:\/\/dpoassociates.eu\/fr\/gdpr-juridique\/#breadcrumb","itemListElement":[{"@type":"ListItem","position":1,"name":"Home","item":"https:\/\/dpoassociates.eu\/fr\/"},{"@type":"ListItem","position":2,"name":"RGPD juridique"}]},{"@type":"WebSite","@id":"https:\/\/dpoassociates.eu\/fr\/#website","url":"https:\/\/dpoassociates.eu\/fr\/","name":"DPO Associates","description":"Protect, Detect, Respond","publisher":{"@id":"https:\/\/dpoassociates.eu\/fr\/#organization"},"potentialAction":[{"@type":"SearchAction","target":{"@type":"EntryPoint","urlTemplate":"https:\/\/dpoassociates.eu\/fr\/?s={search_term_string}"},"query-input":{"@type":"PropertyValueSpecification","valueRequired":true,"valueName":"search_term_string"}}],"inLanguage":"fr-FR"},{"@type":"Organization","@id":"https:\/\/dpoassociates.eu\/fr\/#organization","name":"DPO Associates","url":"https:\/\/dpoassociates.eu\/fr\/","logo":{"@type":"ImageObject","inLanguage":"fr-FR","@id":"https:\/\/dpoassociates.eu\/fr\/#\/schema\/logo\/image\/","url":"https:\/\/dpoassociates.eu\/wp-content\/uploads\/2022\/09\/thumbnail_Logo-DPO-Associates-negatief-zwart-negatief-002.png","contentUrl":"https:\/\/dpoassociates.eu\/wp-content\/uploads\/2022\/09\/thumbnail_Logo-DPO-Associates-negatief-zwart-negatief-002.png","width":651,"height":651,"caption":"DPO Associates"},"image":{"@id":"https:\/\/dpoassociates.eu\/fr\/#\/schema\/logo\/image\/"},"sameAs":["https:\/\/www.facebook.com\/profile.php?id=100083400514207","https:\/\/www.linkedin.com\/company\/dpo-associates-da\/"]}]}},"_links":{"self":[{"href":"https:\/\/dpoassociates.eu\/fr\/wp-json\/wp\/v2\/pages\/7635","targetHints":{"allow":["GET"]}}],"collection":[{"href":"https:\/\/dpoassociates.eu\/fr\/wp-json\/wp\/v2\/pages"}],"about":[{"href":"https:\/\/dpoassociates.eu\/fr\/wp-json\/wp\/v2\/types\/page"}],"author":[{"embeddable":true,"href":"https:\/\/dpoassociates.eu\/fr\/wp-json\/wp\/v2\/users\/1"}],"replies":[{"embeddable":true,"href":"https:\/\/dpoassociates.eu\/fr\/wp-json\/wp\/v2\/comments?post=7635"}],"version-history":[{"count":1,"href":"https:\/\/dpoassociates.eu\/fr\/wp-json\/wp\/v2\/pages\/7635\/revisions"}],"predecessor-version":[{"id":20567,"href":"https:\/\/dpoassociates.eu\/fr\/wp-json\/wp\/v2\/pages\/7635\/revisions\/20567"}],"wp:attachment":[{"href":"https:\/\/dpoassociates.eu\/fr\/wp-json\/wp\/v2\/media?parent=7635"}],"curies":[{"name":"wp","href":"https:\/\/api.w.org\/{rel}","templated":true}]}}